{"id":30,"date":"2013-01-08T11:53:38","date_gmt":"2013-01-08T16:53:38","guid":{"rendered":"http:\/\/www.morgentaler25years.ca\/fr\/?page_id=30"},"modified":"2013-01-14T13:01:02","modified_gmt":"2013-01-14T18:01:02","slug":"livres-et-films","status":"publish","type":"page","link":"https:\/\/www.morgentaler25years.ca\/fr\/au-sujet-dhenry-morgentaler\/livres-et-films\/","title":{"rendered":"Livres et Films"},"content":{"rendered":"<p><span style=\"color: black; font-family: Arial; font-size: small;\">La plupart des<\/span> <span style=\"font-family: Arial;\">livres cit\u00e9s<\/span> ci-dessous <span style=\"font-family: Arial;\">peuvent \u00eatre trouv\u00e9s<\/span> <span style=\"font-family: Arial;\">sur les sites de vente en ligne<\/span> <span style=\"font-family: Arial;\">ou dans les biblioth\u00e8ques<\/span> <span style=\"font-family: Arial;\">(<\/span>en particulier les institutions <span style=\"font-family: Arial;\">acad\u00e9miques). <\/span>Certains <span style=\"font-family: Arial;\">peuvent encore \u00eatre achet\u00e9s neufs<\/span>, mais les livres des<span style=\"font-family: Arial;\"> \u00e9ditions les plus anciennes sont<\/span> <span style=\"font-family: Arial;\">maintenant \u00e9puis\u00e9s<\/span>.<\/p>\n<ul>\n<li><span style=\"color: black; font-family: Symbol; font-size: small;\"><span style=\"font-family: Times New Roman; font-size: xx-small;\">\u00a0\u00a0\u00a0\u00a0\u00a0\u00a0\u00a0\u00a0 <\/span><\/span><a href=\"#booksabout\"><span style=\"text-decoration: underline;\"><span style=\"color: blue; font-family: Arial; font-size: small;\">Livres \u00e0 propos de Henry Morgentaler<\/span><\/span><\/a><\/li>\n<li><span style=\"color: black; font-family: Symbol; font-size: small;\"><span style=\"font-family: Times New Roman; font-size: xx-small;\">\u00a0\u00a0\u00a0\u00a0\u00a0\u00a0\u00a0\u00a0 <\/span><\/span><a href=\"#booksby\"><span style=\"text-decoration: underline;\"><span style=\"color: blue; font-family: Arial; font-size: small;\">Livres d&#8217;Henry Morgentaler<\/span><\/span><\/a><\/li>\n<li><span style=\"color: black; font-family: Symbol; font-size: small;\"><span style=\"font-family: Times New Roman; font-size: xx-small;\">\u00a0\u00a0\u00a0\u00a0\u00a0\u00a0\u00a0\u00a0 <\/span><\/span><a href=\"#films\"><span style=\"text-decoration: underline;\"><span style=\"color: blue; font-family: Arial; font-size: small;\">Films \u00e0 propos de Henry Morgentaler<\/span><\/span><\/a><\/li>\n<\/ul>\n<p><a name=\"booksabout\"><\/a><\/p>\n<table width=\"680\" border=\"1\" cellspacing=\"0\" cellpadding=\"0\">\n<thead>\n<tr>\n<td colspan=\"4\" valign=\"top\" bgcolor=\"#365F91\" width=\"680\">\n<p align=\"center\"><b><span style=\"color: white; font-family: Arial Bold; font-size: large;\">Livres \u00e0 propos de Henry Morgentaler<\/span><\/b><\/p>\n<\/td>\n<\/tr>\n<tr>\n<td valign=\"top\" bgcolor=\"#C6D9F1\" width=\"230\"><b><span style=\"color: black; font-family: Arial; font-size: small;\">Titre<\/span><\/b><\/td>\n<td valign=\"top\" bgcolor=\"#C6D9F1\" width=\"107\"><b><span style=\"color: black; font-family: Arial; font-size: small;\">Auteur<\/span><\/b><\/td>\n<td valign=\"top\" bgcolor=\"#C6D9F1\" width=\"65\">\n<p align=\"center\"><b><span style=\"color: black; font-family: Arial; font-size: small;\">Ann\u00e9e<\/span><\/b><\/p>\n<\/td>\n<td valign=\"top\" bgcolor=\"#C6D9F1\" width=\"279\"><b><span style=\"color: black; font-family: Arial; font-size: small;\">Description<\/span><\/b><\/td>\n<\/tr>\n<\/thead>\n<tbody>\n<tr>\n<td valign=\"top\" width=\"230\"><span style=\"color: black; font-family: Arial; font-size: xx-small;\">Morgentaler, the Doctor Who Couldn&#8217;t Turn Away<\/span><span style=\"color: black; font-family: Arial; font-size: xx-small;\">\u00a0<\/span><span style=\"color: black; font-family: Arial; font-size: xx-small;\">(Morgentaler, le m\u00e9decin sans d\u00e9tour)<\/span><\/td>\n<td valign=\"top\" width=\"107\"><span style=\"color: black; font-family: Arial; font-size: xx-small;\">Eleanor Wright Pelrine<\/span><\/td>\n<td valign=\"top\" width=\"65\">\n<p align=\"center\"><span style=\"color: black; font-family: Arial; font-size: xx-small;\">1975<\/span><\/p>\n<\/td>\n<td valign=\"top\" width=\"279\"><span style=\"color: black; font-family: Arial; font-size: xx-small;\">Dans ce livre, Eleanor Wright Pelrine raconte l&#8217;histoire de la vie d&#8217;Henry Morgentaler. <\/span><span style=\"color: black; font-family: Arial; font-size: xx-small;\">Elle d\u00e9crit les circonstances et les motifs qui l&#8217;ont amen\u00e9s \u00e0 d\u00e9cider de fonder une clinique d&#8217;avortement, et raconte les dizaines d&#8217;ann\u00e9es de luttes qui ont suivi entre Morgentaler et les autorit\u00e9s.<\/span><\/td>\n<\/tr>\n<tr>\n<td valign=\"top\" width=\"230\"><span style=\"color: black; font-family: Arial; font-size: xx-small;\">La Pol\u00e9mique qu\u00e9b\u00e9coise autour de la question de l&#8217;avortement et l&#8217;affaire Morgentaler <\/span><\/td>\n<td valign=\"top\" width=\"107\"><span style=\"color: black; font-family: Arial; font-size: xx-small;\">Gilbert Tarrab <\/span><\/td>\n<td valign=\"top\" width=\"65\">\n<p align=\"center\"><span style=\"color: black; font-family: Arial; font-size: xx-small;\">1975<\/span><\/p>\n<\/td>\n<td valign=\"top\" width=\"279\"><span style=\"color: black; font-family: Arial; font-size: xx-small;\">\u00a0<\/span><\/td>\n<\/tr>\n<tr>\n<td valign=\"top\" width=\"230\"><span style=\"color: black; font-family: Arial; font-size: xx-small;\">Avortement, oui et non: Dialogue en parall\u00e8le avec le Dr.Henry Morgentaler et l&#8217;\u00e9v\u00eaque de Gasp\u00e9, Mgr. Bertrand Blanchet <\/span><\/td>\n<td valign=\"top\" width=\"107\"><span style=\"color: black; font-family: Arial; font-size: xx-small;\">Michel Buruiana<\/span><\/td>\n<td valign=\"top\" width=\"65\">\n<p align=\"center\"><span style=\"color: black; font-family: Arial; font-size: xx-small;\">1988<\/span><\/p>\n<\/td>\n<td valign=\"top\" width=\"279\"><span style=\"color: black; font-family: Arial; font-size: xx-small;\">Collection Circonstances.<\/span><\/td>\n<\/tr>\n<tr>\n<td valign=\"top\" width=\"230\"><span style=\"color: black; font-family: Arial; font-size: xx-small;\">The Morgentaler judgment : how the decisions differ<\/span><span style=\"color: black; font-family: Arial; font-size: xx-small;\">\u00a0<\/span><span style=\"color: black; font-family: Arial; font-size: xx-small;\">(Le jugement Morgentaler: comment les d\u00e9cisions diff\u00e8rent)<\/span><\/td>\n<td valign=\"top\" width=\"107\"><span style=\"color: black; font-family: Arial; font-size: xx-small;\">Mildred J. Morton<\/span><\/td>\n<td valign=\"top\" width=\"65\">\n<p align=\"center\"><span style=\"color: black; font-family: Arial; font-size: xx-small;\">1988<\/span><\/p>\n<\/td>\n<td valign=\"top\" width=\"279\"><span style=\"color: black; font-family: Arial; font-size: xx-small;\">Biblioth\u00e8que du Parlement, Service de recherche.<\/span><\/td>\n<\/tr>\n<tr>\n<td valign=\"top\" width=\"230\"><span style=\"color: black; font-family: Arial; font-size: xx-small;\">The Supreme Court of Canada Decision on Abortion<\/span><span style=\"color: black; font-family: Arial; font-size: xx-small;\">\u00a0<\/span><span style=\"color: black; font-family: Arial; font-size: xx-small;\">(La d\u00e9cision de la Cour Supr\u00eame du Canada sur l&#8217;avortement)<\/span><\/td>\n<td valign=\"top\" width=\"107\"><span style=\"color: black; font-family: Arial; font-size: xx-small;\">\u00c9dit\u00e9 par Shelagh Day &amp; Stan Persky<\/span><\/td>\n<td valign=\"top\" width=\"65\">\n<p align=\"center\"><span style=\"color: black; font-family: Arial; font-size: xx-small;\">1988<\/span><\/p>\n<\/td>\n<td valign=\"top\" width=\"279\"><span style=\"color: black; font-family: Arial; font-size: xx-small;\">Les motifs de la d\u00e9cision des juges de la Cour supr\u00eame du Canada qui ont prononc\u00e9 en 1988 la d\u00e9cision Morgentaler, avec une Introduction et commentaires par Shelagh Day.<\/span><\/td>\n<\/tr>\n<tr>\n<td valign=\"top\" width=\"230\"><span style=\"color: black; font-family: Arial; font-size: xx-small;\">Morgentaler, l&#8217;obstin\u00e9<\/span><\/td>\n<td valign=\"top\" width=\"107\"><span style=\"color: black; font-family: Arial; font-size: xx-small;\">Sylvie Halpern<\/span><\/td>\n<td valign=\"top\" width=\"65\">\n<p align=\"center\"><span style=\"color: black; font-family: Arial; font-size: xx-small;\">1992<\/span><\/p>\n<\/td>\n<td valign=\"top\" width=\"279\"><span style=\"color: black; font-family: Arial; font-size: xx-small;\">Ce portrait nuanc\u00e9 d&#8217;Henry Morgentaler donne \u00e0 S.Halpern l&#8217;occasion de brosser en toile de fond un vaste historique du douloureux d\u00e9bat autour de l&#8217;avortement, depuis les ann\u00e9es 60 jusqu&#8217;\u00e0 aujourd&#8217;hui.<\/span><\/td>\n<\/tr>\n<tr>\n<td valign=\"top\" width=\"230\"><span style=\"color: black; font-family: Arial; font-size: xx-small;\">Morgentaler vs Borowski: Abortion, the Charter, and the Courts (Oxford)<\/span><span style=\"color: black; font-family: Arial; font-size: xx-small;\">\u00a0<\/span><span style=\"color: black; font-family: Arial; font-size: xx-small;\">(Morgentaler vs Borowski: l&#8217;avortement, la Charte et les tribunaux \/ Oxford)<\/span><\/td>\n<td valign=\"top\" width=\"107\"><span style=\"color: black; font-family: Arial; font-size: xx-small;\">Frederick L. Morton<\/span><\/td>\n<td valign=\"top\" width=\"65\">\n<p align=\"center\"><span style=\"color: black; font-family: Arial; font-size: xx-small;\">1992<\/span><\/p>\n<\/td>\n<td valign=\"top\" width=\"279\"><span style=\"color: black; font-family: Arial; font-size: xx-small;\">Le livre contient 3 parties:Tout d&#8217;abord, il d\u00e9crit les trois d\u00e9cennies de batailles men\u00e9es \u00e0 l&#8217;int\u00e9rieur et \u00e0 l&#8217;ext\u00e9rieur de la salle d&#8217;audience par le Dr Henry Morgentaler et Joe Borowski, respectivement les militants les plus connus\u00a0 pro-choix et pro-vie. Deuxi\u00e8mement, il utilise \u00abla trilogie de l&#8217;avortement\u00bb du Canada &#8211; avec les affaires Morgentaler, Borowski et Diagle afin d&#8217;explorer le processus judiciaire. Enfin, le livre raconte l&#8217;histoire de la Charte canadienne de 1982 des droits de l&#8217;homme et des libert\u00e9s, r\u00e9v\u00e9lant \u00e0 quel point la Charte a chang\u00e9 la politique au Canada depuis cette date.<\/span><\/td>\n<\/tr>\n<tr>\n<td valign=\"top\" width=\"230\"><span style=\"color: black; font-family: Arial; font-size: xx-small;\">Doctors of Conscience: The Struggle to Provide Abortion Before and After Roe V. Wade<\/span><span style=\"color: black; font-family: Arial; font-size: xx-small;\">\u00a0<\/span><span style=\"color: black; font-family: Arial; font-size: xx-small;\">(M\u00e9decins de conscience: la lutte pour l&#8217;acc\u00e8s \u00e0 l&#8217;avortement avant et apr\u00e8s Roe V. Wade)<\/span><\/td>\n<td valign=\"top\" width=\"107\"><span style=\"color: black; font-family: Arial; font-size: xx-small;\">Carole E. Joffe<\/span><\/td>\n<td valign=\"top\" width=\"65\">\n<p align=\"center\"><span style=\"color: black; font-family: Arial; font-size: xx-small;\">1996<\/span><\/p>\n<\/td>\n<td valign=\"top\" width=\"279\"><span style=\"color: black; font-family: Arial; font-size: xx-small;\">Un livre am\u00e9ricain avec un chapitre sur le Dr Morgentaler. Le livre explore la vie des m\u00e9decins h\u00e9ro\u00efques et engag\u00e9s qui ont travaill\u00e9 pour assurer des avortements s\u00e9curitaires aux femmes face \u00e0 la n\u00e9gligence &#8211; et le pire &#8211; de coll\u00e8gues, d&#8217;h\u00f4pitaux et d&#8217;organisations m\u00e9dicales nationales.<\/span><\/td>\n<\/tr>\n<tr>\n<td valign=\"top\" width=\"230\"><span style=\"color: black; font-family: Arial; font-size: xx-small;\">Morgentaler: A Difficult Hero<\/span><span style=\"color: black; font-family: Arial; font-size: xx-small;\">\u00a0<\/span><span style=\"color: black; font-family: Arial; font-size: xx-small;\">(Morgentaler: Un h\u00e9ros Difficile)<\/span><\/td>\n<td valign=\"top\" width=\"107\"><span style=\"color: black; font-family: Arial; font-size: xx-small;\">Catherine Dunphy<\/span><\/td>\n<td valign=\"top\" width=\"65\">\n<p align=\"center\"><span style=\"color: black; font-family: Arial; font-size: xx-small;\">2003<\/span><\/p>\n<\/td>\n<td valign=\"top\" width=\"279\"><span style=\"color: black; font-family: Arial; font-size: xx-small;\">La biographie de l&#8217;une des personnalit\u00e9s les plus controvers\u00e9es du Canada. <\/span><span style=\"color: black; font-family: Arial; font-size: xx-small;\">Le Dr Henry Morgentaler est le h\u00e9ros improbable au centre de la question la plus controvers\u00e9e du Canada &#8211; le droit \u00e0 l&#8217;avortement l\u00e9gal et sans risque m\u00e9dical &#8211; et un homme de contradiction intense. Il est le champion des femmes, un humaniste, un soignant, un m\u00e9decin compatissant, ador\u00e9 par les patientes de toutes les couches sociales. Pourtant, ses relations avec ses amis, sa famille et ses amours au fil des ans ont \u00e9t\u00e9 chaotiques. Ce livre est le premier \u00e0 raconter son histoire dans toute sa complexit\u00e9.<\/span><\/td>\n<\/tr>\n<\/tbody>\n<\/table>\n<p><span style=\"color: black; font-family: Arial; font-size: small;\">\u00a0<\/span><br \/>\n<a name=\"booksby\"><\/a><br \/>\n<span style=\"color: black; font-family: Arial; font-size: small;\">\u00a0<\/span><\/p>\n<table width=\"680\" border=\"1\" cellspacing=\"0\" cellpadding=\"0\">\n<thead>\n<tr>\n<td colspan=\"3\" valign=\"top\" bgcolor=\"#365F91\" width=\"625\">\n<p align=\"center\"><b><span style=\"color: white; font-family: Arial Bold; font-size: large;\">Livres d&#8217;Henry Morgentaler<\/span><\/b><\/p>\n<\/td>\n<\/tr>\n<tr>\n<td valign=\"top\" bgcolor=\"#C6D9F1\" width=\"247\"><b><span style=\"color: black; font-family: Arial; font-size: small;\">Titre<\/span><\/b><\/td>\n<td valign=\"top\" bgcolor=\"#C6D9F1\" width=\"66\">\n<p align=\"center\"><b><span style=\"color: black; font-family: Arial; font-size: small;\">Ann\u00e9e<\/span><\/b><\/p>\n<\/td>\n<td valign=\"top\" bgcolor=\"#C6D9F1\" width=\"312\"><b><span style=\"color: black; font-family: Arial; font-size: small;\">Description<\/span><\/b><\/td>\n<\/tr>\n<\/thead>\n<tbody>\n<tr>\n<td valign=\"top\" width=\"247\"><span style=\"color: black; font-family: Arial; font-size: xx-small;\">Henry Morgentaler: Un entretien avec Catherine Germain et Sylvie Dupont<\/span><\/td>\n<td valign=\"top\" width=\"66\">\n<p align=\"center\"><span style=\"color: black; font-family: Arial; font-size: xx-small;\">1976<\/span><\/p>\n<\/td>\n<td valign=\"top\" width=\"312\"><span style=\"color: black; font-family: Arial; font-size: xx-small;\">Une longue interview avec le Dr Morgentaler (en fran\u00e7ais). Disponible en podcast:<\/span><a href=\"http:\/\/archives.radio-canada.ca\/societe\/criminalite_justice\/clips\/244\/\"><span style=\"text-decoration: underline;\"><span style=\"color: blue; font-family: Arial; font-size: xx-small;\">http:\/\/archives.radio-canada.ca\/societe\/criminalite_justice\/clips\/244\/<\/span><\/span><\/a><\/td>\n<\/tr>\n<tr>\n<td valign=\"top\" width=\"247\"><span style=\"color: black; font-family: Arial; font-size: xx-small;\">Abortion and Contraception<\/span><span style=\"color: black; font-family: Arial; font-size: xx-small;\">\u00a0<\/span><span style=\"color: black; font-family: Arial; font-size: xx-small;\">(Avortement et Contraception)<\/span><\/td>\n<td valign=\"top\" width=\"66\">\n<p align=\"center\"><span style=\"color: black; font-family: Arial; font-size: xx-small;\">1982<\/span><\/p>\n<\/td>\n<td valign=\"top\" width=\"312\"><span style=\"color: black; font-family: Arial; font-size: xx-small;\">Le Dr Morgentaler traite des pratiques, questions juridiques, religieuses et morales que l&#8217;avortement soul\u00e8ve, en plus de fournir des informations sur le syst\u00e8me de reproduction, la grossesse, le d\u00e9veloppement embryonnaire, les m\u00e9thodes d&#8217;avortement, les complications possibles, et la contraception.<\/span><\/td>\n<\/tr>\n<tr>\n<td valign=\"top\" width=\"247\"><span style=\"color: black; font-family: Arial; font-size: xx-small;\">Freedom is my Passion<\/span><span style=\"color: black; font-family: Arial; font-size: xx-small;\">\u00a0<\/span><span style=\"color: black; font-family: Arial; font-size: xx-small;\">(La libert\u00e9 est ma passion)<\/span><\/td>\n<td valign=\"top\" width=\"66\">\n<p align=\"center\"><span style=\"color: black; font-family: Arial; font-size: xx-small;\">2007<\/span><\/p>\n<\/td>\n<td valign=\"top\" width=\"312\"><span style=\"color: black; font-family: Arial; font-size: xx-small;\">Livre de po\u00e9sie. Disponible sur <\/span><a href=\"http:\/\/www.batteredbox.com\"><span style=\"color: #1155cc; font-size: xx-small;\">www.batteredbox.com<\/span><\/a><\/td>\n<\/tr>\n<\/tbody>\n<\/table>\n<p><span style=\"color: black; font-family: Arial; font-size: small;\">\u00a0<\/span><a name=\"films\"><\/a><\/p>\n<table width=\"680\" border=\"1\" cellspacing=\"0\" cellpadding=\"0\">\n<thead>\n<tr>\n<td colspan=\"4\" valign=\"top\" bgcolor=\"#365F91\" width=\"624\">\n<p align=\"center\"><b><span style=\"color: white; font-family: Arial Bold; font-size: large;\">Films \u00e0 propos de Henry Morgentaler<\/span><\/b><\/p>\n<\/td>\n<\/tr>\n<tr>\n<td valign=\"top\" bgcolor=\"#C6D9F1\" width=\"181\"><b><span style=\"color: black; font-family: Arial; font-size: small;\">Titre<\/span><\/b><\/td>\n<td valign=\"top\" bgcolor=\"#C6D9F1\" width=\"120\"><b><span style=\"color: black; font-family: Arial; font-size: small;\">R\u00e9alisation <\/span><\/b><\/td>\n<td valign=\"top\" bgcolor=\"#C6D9F1\" width=\"66\">\n<p align=\"center\"><b><span style=\"color: black; font-family: Arial; font-size: small;\">Ann\u00e9e<\/span><\/b><\/p>\n<\/td>\n<td valign=\"top\" bgcolor=\"#C6D9F1\" width=\"257\"><b><span style=\"color: black; font-family: Arial; font-size: small;\">Description<\/span><\/b><\/td>\n<\/tr>\n<\/thead>\n<tbody>\n<tr>\n<td valign=\"top\" width=\"181\"><span style=\"color: black; font-family: Arial; font-size: xx-small;\">Democracy on Trial: The Morgentaler Affair<\/span><span style=\"color: black; font-family: Arial; font-size: xx-small;\">\u00a0<\/span><span style=\"color: black; font-family: Arial; font-size: xx-small;\">(La Justice en proc\u00e8s: l&#8217;affaire Morgentaler)<\/span><\/td>\n<td valign=\"top\" width=\"120\"><span style=\"color: black; font-family: Arial; font-size: xx-small;\">Directeur: <\/span><span style=\"color: black; font-family: Arial; font-size: xx-small;\">Paul Cowan<\/span><span style=\"color: black; font-family: Arial; font-size: xx-small;\">NFB<\/span><\/td>\n<td valign=\"top\" width=\"66\">\n<p align=\"center\"><span style=\"color: black; font-family: Arial; font-size: xx-small;\">1984<\/span><\/p>\n<\/td>\n<td valign=\"top\" width=\"257\"><span style=\"color: black; font-family: Arial; font-size: xx-small;\">L&#8217;histoire de la lutte de Dr Henry Morgentaler pour pratiquer des avortements s\u00e9curitaires et le droit de contester la validit\u00e9 d&#8217;une loi canadienne. <\/span><span style=\"color: black; font-family: Arial; font-size: xx-small;\">Disponible dans certaines biblioth\u00e8ques ou \u00e0 l&#8217;Office national du film du Canada.<\/span><\/td>\n<\/tr>\n<tr>\n<td valign=\"top\" width=\"181\"><span style=\"color: black; font-family: Arial; font-size: xx-small;\">A Matter of Choice: A film on reproductive freedom<\/span><span style=\"color: black; font-family: Arial; font-size: xx-small;\">\u00a0<\/span><span style=\"color: black; font-family: Arial; font-size: xx-small;\">(Une question de choix: Un film sur la libert\u00e9 de procr\u00e9er)<\/span><\/td>\n<td valign=\"top\" width=\"120\"><span style=\"color: black; font-family: Arial; font-size: xx-small;\">Directeur \/Producteur: Francine E. Zuckerman<\/span><\/td>\n<td valign=\"top\" width=\"66\">\n<p align=\"center\"><span style=\"color: black; font-family: Arial; font-size: xx-small;\">1993<\/span><\/p>\n<\/td>\n<td valign=\"top\" width=\"257\"><span style=\"color: black; font-family: Arial; font-size: xx-small;\">Un film qui explore la question de la libert\u00e9 de procr\u00e9er, et les travaux du Dr Morgentaler comme la force centrale dans la bataille \u00e0 fournir un avortement s\u00fbr, l\u00e9gal et accessible. <\/span><\/td>\n<\/tr>\n<tr>\n<td valign=\"top\" width=\"181\"><span style=\"color: black; font-family: Arial; font-size: xx-small;\">The Life and Times of Henry Morgentaler<\/span><span style=\"color: black; font-family: Arial; font-size: xx-small;\">\u00a0<\/span><span style=\"color: black; font-family: Arial; font-size: xx-small;\">(la vie et le parcours d&#8217;Henry Morgentaler)<\/span><\/td>\n<td valign=\"top\" width=\"120\"><span style=\"color: black; font-family: Arial; font-size: xx-small;\">Directeur: <\/span><span style=\"color: black; font-family: Arial; font-size: xx-small;\">Audrey Mailor<\/span><span style=\"color: black; font-family: Arial; font-size: xx-small;\">Paperny Films <\/span><\/td>\n<td valign=\"top\" width=\"66\">\n<p align=\"center\"><span style=\"color: black; font-family: Arial; font-size: xx-small;\">1999<\/span><\/p>\n<\/td>\n<td valign=\"top\" width=\"257\"><span style=\"color: black; font-family: Arial; font-size: xx-small;\">Un portrait de la personnalit\u00e9 la plus controvers\u00e9e du Canada. (Gagnant du prix de la meilleure biographie \u00e0 HotDocs &#8211; 2000.)<\/span> <a href=\"http:\/\/www.papernyfilms.com\/productions\/life-and-times-dr-henry-morgentaler\"><span style=\"color: #1155cc; font-size: xx-small;\">http:\/\/www.papernyfilms.com\/productions\/life-and-times-dr-henry-morgentaler<\/span><\/a><\/td>\n<\/tr>\n<tr>\n<td valign=\"top\" width=\"181\"><span style=\"color: black; font-family: Arial; font-size: xx-small;\">Choice: The Henry Morgentaler Story<\/span><span style=\"color: black; font-family: Arial; font-size: xx-small;\">\u00a0<\/span><span style=\"color: black; font-family: Arial; font-size: xx-small;\">(Choisir : le combat du docteur Morgentaler)<\/span><\/td>\n<td valign=\"top\" width=\"120\"><span style=\"color: black; font-family: Arial; font-size: xx-small;\">Directeur: <\/span><span style=\"color: black; font-family: Arial; font-size: xx-small;\">John L&#8217;Ecuyer<\/span><span style=\"color: black; font-family: Arial; font-size: xx-small;\">CTV<\/span><\/td>\n<td valign=\"top\" width=\"66\">\n<p align=\"center\"><span style=\"color: black; font-family: Arial; font-size: xx-small;\">2005<\/span><\/p>\n<\/td>\n<td valign=\"top\" width=\"257\"><span style=\"color: black; font-family: Arial; font-size: xx-small;\">Drame social\u00a0 r\u00e9alis\u00e9 pour la TV et retra\u00e7ant l&#8217;histoire du Dr Henry Morgentaler, un m\u00e9decin g\u00e9n\u00e9raliste qui a d\u00e9fi\u00e9 la loi pour garantir le droit des femmes de choisir un avortement sans risque. L&#8217;acteur David Eisner joue le Dr Morgentaler. (Biblioth\u00e8que et Archives Canada &#8211; Base de donn\u00e9es canadienne du long-m\u00e9trage)<\/span><\/td>\n<\/tr>\n<tr>\n<td valign=\"top\" width=\"181\"><span style=\"color: black; font-family: Arial; font-size: xx-small;\">Henry<\/span><\/td>\n<td valign=\"top\" width=\"120\"><span style=\"color: black; font-family: Arial; font-size: xx-small;\">Directeur\/Producteur: Dara Bratt<\/span><\/td>\n<td valign=\"top\" width=\"66\">\n<p align=\"center\"><span style=\"color: black; font-family: Arial; font-size: xx-small;\">2007<\/span><\/p>\n<\/td>\n<td valign=\"top\" width=\"257\"><span style=\"color: black; font-family: Arial; font-size: xx-small;\">Un long-m\u00e9trage documentaire qui d\u00e9construit l&#8217;homme derri\u00e8re la cause. Le film combine l&#8217;observation du cin\u00e9ma-v\u00e9rit\u00e9 avec des interviews et des images d&#8217;archives, y compris des vid\u00e9os. <\/span><span style=\"color: black; font-family: Arial; font-size: xx-small;\">Le Dr Morgentaler r\u00e9v\u00e8le pourquoi il a fait ces choix, les sacrifices qu&#8217;il a d\u00fb faire, et les regrets persistants qu&#8217;il a aujourd&#8217;hui<\/span><span style=\"font-family: Arial;\">. <\/span><a href=\"http:\/\/www.henrythemovie.com\/\"><span style=\"color: #1155cc; font-size: xx-small;\">http:\/\/www.henrythemovie.com<\/span><\/a><\/td>\n<\/tr>\n<\/tbody>\n<\/table>\n<p><span style=\"color: black; font-family: Arial; font-size: small;\">\u00a0<\/span><\/p>\n","protected":false},"excerpt":{"rendered":"<p>La plupart des livres cit\u00e9s ci-dessous peuvent \u00eatre trouv\u00e9s sur les sites de vente en ligne ou dans les biblioth\u00e8ques (en particulier les institutions acad\u00e9miques). Certains peuvent encore \u00eatre achet\u00e9s neufs, mais les livres des \u00e9ditions les plus anciennes sont maintenant \u00e9puis\u00e9s. \u00a0\u00a0\u00a0\u00a0\u00a0\u00a0\u00a0\u00a0 Livres \u00e0 propos de Henry Morgentaler \u00a0\u00a0\u00a0\u00a0\u00a0\u00a0\u00a0\u00a0 Livres d&#8217;Henry Morgentaler \u00a0\u00a0\u00a0\u00a0\u00a0\u00a0\u00a0\u00a0 Films [&hellip;]<\/p>\n","protected":false},"author":1,"featured_media":0,"parent":23,"menu_order":0,"comment_status":"closed","ping_status":"closed","template":"","meta":[],"_links":{"self":[{"href":"https:\/\/www.morgentaler25years.ca\/fr\/wp-json\/wp\/v2\/pages\/30"}],"collection":[{"href":"https:\/\/www.morgentaler25years.ca\/fr\/wp-json\/wp\/v2\/pages"}],"about":[{"href":"https:\/\/www.morgentaler25years.ca\/fr\/wp-json\/wp\/v2\/types\/page"}],"author":[{"embeddable":true,"href":"https:\/\/www.morgentaler25years.ca\/fr\/wp-json\/wp\/v2\/users\/1"}],"replies":[{"embeddable":true,"href":"https:\/\/www.morgentaler25years.ca\/fr\/wp-json\/wp\/v2\/comments?post=30"}],"version-history":[{"count":6,"href":"https:\/\/www.morgentaler25years.ca\/fr\/wp-json\/wp\/v2\/pages\/30\/revisions"}],"predecessor-version":[{"id":104,"href":"https:\/\/www.morgentaler25years.ca\/fr\/wp-json\/wp\/v2\/pages\/30\/revisions\/104"}],"up":[{"embeddable":true,"href":"https:\/\/www.morgentaler25years.ca\/fr\/wp-json\/wp\/v2\/pages\/23"}],"wp:attachment":[{"href":"https:\/\/www.morgentaler25years.ca\/fr\/wp-json\/wp\/v2\/media?parent=30"}],"curies":[{"name":"wp","href":"https:\/\/api.w.org\/{rel}","templated":true}]}}